{"id":9940,"date":"2022-03-16T12:15:33","date_gmt":"2022-03-16T12:15:33","guid":{"rendered":"https:\/\/peterandwolfbcn.com\/physical-stores\/"},"modified":"2026-04-08T18:06:05","modified_gmt":"2026-04-08T18:06:05","slug":"physical-stores","status":"publish","type":"page","link":"https:\/\/peterandwolfbcn.com\/en\/physical-stores\/","title":{"rendered":"Physical Stores"},"content":{"rendered":"<p><div class=\"fusion-fullwidth fullwidth-box fusion-builder-row-1 fusion-flex-container has-pattern-background has-mask-background nonhundred-percent-fullwidth non-hundred-percent-height-scrolling\" style=\"--awb-border-radius-top-left:0px;--awb-border-radius-top-right:0px;--awb-border-radius-bottom-right:0px;--awb-border-radius-bottom-left:0px;--awb-flex-wrap:wrap;\" ><div class=\"fusion-builder-row fusion-row fusion-flex-align-items-flex-start fusion-flex-content-wrap\" style=\"max-width:1248px;margin-left: calc(-4% \/ 2 );margin-right: calc(-4% \/ 2 );\"><div class=\"fusion-layout-column fusion_builder_column fusion-builder-column-0 fusion_builder_column_1_1 1_1 fusion-flex-column\" style=\"--awb-bg-size:cover;--awb-width-large:100%;--awb-margin-top-large:0px;--awb-spacing-right-large:1.92%;--awb-margin-bottom-large:20px;--awb-spacing-left-large:1.92%;--awb-width-medium:100%;--awb-order-medium:0;--awb-spacing-right-medium:1.92%;--awb-spacing-left-medium:1.92%;--awb-width-small:100%;--awb-order-small:0;--awb-spacing-right-small:1.92%;--awb-spacing-left-small:1.92%;\"><div class=\"fusion-column-wrapper fusion-column-has-shadow fusion-flex-justify-content-flex-start fusion-content-layout-column\"><div class=\"fusion-title title fusion-title-1 fusion-sep-none fusion-title-center fusion-title-text fusion-title-size-two\" style=\"--awb-margin-top-small:10px;--awb-margin-right-small:0px;--awb-margin-bottom-small:10px;--awb-margin-left-small:0px;\"><h2 class=\"fusion-title-heading title-heading-center\" style=\"margin:0;letter-spacing:-0.015em;line-height:1.2;\">PHYSICAL SHOPS<\/h2><\/div><div class=\"fusion-separator\" style=\"align-self: center;margin-left: auto;margin-right: auto;margin-bottom:30px;width:100%;max-width:50%;\"><div class=\"fusion-separator-border sep-single\" style=\"--awb-height:20px;--awb-amount:20px;border-color:var(--awb-color6);border-top-width:1px;\"><\/div><\/div><div class=\"fusion-text fusion-text-1\" style=\"--awb-content-alignment:center;\"><p>You already know that you can buy in this Web and in our Showroom (c\/Bertr\u00e1n, 3 de Barcelona),<br \/>\nbut you can also find many of our products in the following shops.<\/p>\n<\/div><div class=\"fusion-text fusion-text-2\" style=\"--awb-content-alignment:center;--awb-text-color:var(--awb-color5);\"><p>Find your nearest shop and get to know Peter &amp; Wolf bags and backpacks first hand!<\/p>\n<\/div><\/div><\/div><\/div><\/div><div class=\"fusion-fullwidth fullwidth-box fusion-builder-row-2 fusion-flex-container has-pattern-background has-mask-background nonhundred-percent-fullwidth non-hundred-percent-height-scrolling\" style=\"--awb-border-radius-top-left:0px;--awb-border-radius-top-right:0px;--awb-border-radius-bottom-right:0px;--awb-border-radius-bottom-left:0px;--awb-padding-top:50px;--awb-padding-bottom:50px;--awb-padding-top-medium:30px;--awb-padding-bottom-medium:30px;--awb-padding-top-small:10px;--awb-padding-bottom-small:10px;--awb-background-color:var(--awb-custom_color_1);--awb-flex-wrap:wrap;\" ><div class=\"fusion-builder-row fusion-row fusion-flex-align-items-flex-start fusion-flex-content-wrap\" style=\"max-width:1248px;margin-left: calc(-4% \/ 2 );margin-right: calc(-4% \/ 2 );\"><div class=\"fusion-layout-column fusion_builder_column fusion-builder-column-1 fusion_builder_column_1_3 1_3 fusion-flex-column fusion-flex-align-self-center\" style=\"--awb-bg-size:cover;--awb-width-large:33.333333333333%;--awb-margin-top-large:0px;--awb-spacing-right-large:5.76%;--awb-margin-bottom-large:20px;--awb-spacing-left-large:5.76%;--awb-width-medium:33.333333333333%;--awb-order-medium:0;--awb-spacing-right-medium:5.76%;--awb-spacing-left-medium:5.76%;--awb-width-small:100%;--awb-order-small:0;--awb-spacing-right-small:1.92%;--awb-spacing-left-small:1.92%;\" data-scroll-devices=\"small-visibility,medium-visibility,large-visibility\"><div class=\"fusion-column-wrapper fusion-column-has-shadow fusion-flex-justify-content-center fusion-content-layout-column\"><div class=\"fusion-image-element \" style=\"--awb-caption-title-font-family:var(--h2_typography-font-family);--awb-caption-title-font-weight:var(--h2_typography-font-weight);--awb-caption-title-font-style:var(--h2_typography-font-style);--awb-caption-title-size:var(--h2_typography-font-size);--awb-caption-title-transform:var(--h2_typography-text-transform);--awb-caption-title-line-height:var(--h2_typography-line-height);--awb-caption-title-letter-spacing:var(--h2_typography-letter-spacing);\"><span class=\" fusion-imageframe imageframe-none imageframe-1 hover-type-none\"><img decoding=\"async\" width=\"1177\" height=\"1090\" alt=\"Showroom de Peter &amp; Wolf BCN\" title=\"tienda\" src=\"https:\/\/peterandwolfbcn.com\/wp-content\/uploads\/2023\/12\/tienda-1.jpg\" class=\"img-responsive wp-image-9641\" srcset=\"https:\/\/peterandwolfbcn.com\/wp-content\/uploads\/2023\/12\/tienda-1-200x185.jpg 200w, https:\/\/peterandwolfbcn.com\/wp-content\/uploads\/2023\/12\/tienda-1-400x370.jpg 400w, https:\/\/peterandwolfbcn.com\/wp-content\/uploads\/2023\/12\/tienda-1-600x556.jpg 600w, https:\/\/peterandwolfbcn.com\/wp-content\/uploads\/2023\/12\/tienda-1-800x741.jpg 800w, https:\/\/peterandwolfbcn.com\/wp-content\/uploads\/2023\/12\/tienda-1.jpg 1177w\" sizes=\"(max-width: 640px) 100vw, 400px\" \/><\/span><\/div><\/div><\/div><div class=\"fusion-layout-column fusion_builder_column fusion-builder-column-2 fusion_builder_column_1_3 1_3 fusion-flex-column\" style=\"--awb-bg-size:cover;--awb-width-large:33.333333333333%;--awb-margin-top-large:0px;--awb-spacing-right-large:5.76%;--awb-margin-bottom-large:20px;--awb-spacing-left-large:5.76%;--awb-width-medium:33.333333333333%;--awb-order-medium:0;--awb-spacing-right-medium:5.76%;--awb-spacing-left-medium:5.76%;--awb-width-small:100%;--awb-order-small:0;--awb-spacing-right-small:1.92%;--awb-spacing-left-small:1.92%;\"><div class=\"fusion-column-wrapper fusion-column-has-shadow fusion-flex-justify-content-flex-start fusion-content-layout-column\"><div class=\"fusion-title title fusion-title-2 fusion-sep-none fusion-title-text fusion-title-size-three\" style=\"--awb-margin-top-small:10px;--awb-margin-right-small:0px;--awb-margin-bottom-small:10px;--awb-margin-left-small:0px;--awb-font-size:18px;\"><h3 class=\"fusion-title-heading title-heading-left\" style=\"margin:0;font-size:1em;\">THE SHOWROOM OF PETER &amp; WOLF BCN<\/h3><\/div><div class=\"fusion-text fusion-text-3\" style=\"--awb-font-size:14px;--awb-line-height:18px;\"><p>In our Showroom you will find all the articles that we make every day.<\/p>\n<p>Also exclusive pieces of which Marco creates a single unit.<\/p>\n<p>Also, if you visit us you can personalise your bag or rucksack and make it unique.<\/p>\n<p><i class=\"fb-icon-element-1 fb-icon-element fontawesome-icon fa-map-marker-alt fas circle-no fusion-text-flow\" style=\"--awb-iconcolor:var(--awb-color7);--awb-font-size:14px;--awb-margin-right:7px;\"><\/i>c\/Bertr\u00e1n, 3 Barcelona (08023).<\/p>\n<\/div><div class=\"fusion-separator fusion-full-width-sep\" style=\"align-self: center;margin-left: auto;margin-right: auto;margin-top:10px;width:100%;\"><\/div><div style=\"text-align:center;\"><a class=\"fusion-button button-flat fusion-button-default-size button-default fusion-button-default button-1 fusion-button-default-span fusion-button-default-type\" style=\"--button-border-radius-top-left:0;--button-border-radius-top-right:0;--button-border-radius-bottom-right:0;--button-border-radius-bottom-left:0;\" target=\"_blank\" rel=\"noopener noreferrer\" href=\"https:\/\/maps.app.goo.gl\/tFFdb9iXyUU2UF9F9\"><span class=\"fusion-button-text awb-button__text awb-button__text--default\">SEE LOCATION<\/span><\/a><\/div><\/div><\/div><div class=\"fusion-layout-column fusion_builder_column fusion-builder-column-3 fusion_builder_column_1_3 1_3 fusion-flex-column fusion-flex-align-self-center\" style=\"--awb-bg-size:cover;--awb-width-large:33.333333333333%;--awb-margin-top-large:0px;--awb-spacing-right-large:5.76%;--awb-margin-bottom-large:20px;--awb-spacing-left-large:5.76%;--awb-width-medium:33.333333333333%;--awb-order-medium:0;--awb-spacing-right-medium:5.76%;--awb-spacing-left-medium:5.76%;--awb-width-small:100%;--awb-order-small:0;--awb-spacing-right-small:1.92%;--awb-spacing-left-small:1.92%;\" data-scroll-devices=\"small-visibility,medium-visibility,large-visibility\"><div class=\"fusion-column-wrapper fusion-column-has-shadow fusion-flex-justify-content-center fusion-content-layout-column\"><iframe src=\"https:\/\/www.google.com\/maps\/embed?pb=!1m18!1m12!1m3!1d1258.2291756163795!2d2.1400354861509636!3d41.40470571855623!2m3!1f0!2f0!3f0!3m2!1i1024!2i768!4f13.1!3m3!1m2!1s0x12a499721c9ee8bf%3A0xc56e55ee9821b127!2sPeter%20%26%20Wolf%20BCN!5e0!3m2!1sen!2ses!4v1761678328821!5m2!1sen!2ses\" width=\"350\" height=\"350\" style=\"border:0;\" allowfullscreen=\"\" loading=\"lazy\" referrerpolicy=\"no-referrer-when-downgrade\"><\/iframe><\/div><\/div><\/div><\/div><div class=\"fusion-fullwidth fullwidth-box fusion-builder-row-3 fusion-flex-container has-pattern-background has-mask-background nonhundred-percent-fullwidth non-hundred-percent-height-scrolling\" style=\"--awb-border-radius-top-left:0px;--awb-border-radius-top-right:0px;--awb-border-radius-bottom-right:0px;--awb-border-radius-bottom-left:0px;--awb-flex-wrap:wrap;\" ><div class=\"fusion-builder-row fusion-row fusion-flex-align-items-flex-start fusion-flex-content-wrap\" style=\"max-width:1248px;margin-left: calc(-4% \/ 2 );margin-right: calc(-4% \/ 2 );\"><div class=\"fusion-layout-column fusion_builder_column fusion-builder-column-4 fusion_builder_column_1_3 1_3 fusion-flex-column fusion-flex-align-self-stretch\" style=\"--awb-padding-top:40px;--awb-padding-right:30px;--awb-padding-bottom:40px;--awb-padding-left:30px;--awb-bg-size:cover;--awb-width-large:33.333333333333%;--awb-margin-top-large:0px;--awb-spacing-right-large:5.76%;--awb-margin-bottom-large:20px;--awb-spacing-left-large:5.76%;--awb-width-medium:33.333333333333%;--awb-order-medium:0;--awb-spacing-right-medium:5.76%;--awb-spacing-left-medium:5.76%;--awb-width-small:100%;--awb-order-small:0;--awb-spacing-right-small:1.92%;--awb-spacing-left-small:1.92%;\" data-scroll-devices=\"small-visibility,medium-visibility,large-visibility\"><div class=\"fusion-column-wrapper fusion-column-has-shadow fusion-flex-justify-content-flex-start fusion-content-layout-column\"><div class=\"fusion-title title fusion-title-3 fusion-sep-none fusion-title-text fusion-title-size-three\" style=\"--awb-margin-top-small:10px;--awb-margin-right-small:0px;--awb-margin-bottom-small:10px;--awb-margin-left-small:0px;--awb-font-size:18px;\"><h3 class=\"fusion-title-heading title-heading-left\" style=\"margin:0;font-size:1em;\">B de BARCELONA<\/h3><\/div><div class=\"fusion-text fusion-text-4\" style=\"--awb-content-alignment:justify;--awb-font-size:14px;--awb-line-height:18pt;\"><p>B de Barcelona opens a new, larger location! It continues its philosophy of offering unique souvenirs, crafted by local artisans and designers.<br \/>\nIts items reflect the creativity of the community, offering visitors unique pieces that represent the essence of the city.<\/p>\n<p><i class=\"fb-icon-element-2 fb-icon-element fontawesome-icon fa-map-marker-alt fas circle-no fusion-text-flow\" style=\"--awb-iconcolor:var(--awb-color7);--awb-font-size:14px;--awb-margin-right:7px;\"><\/i> Av. Gaud\u00ed, 43 &#8211; 08025 Barcelona<\/p>\n<\/div><div style=\"text-align:center;\"><a class=\"fusion-button button-flat fusion-button-default-size button-default fusion-button-default button-2 fusion-button-default-span fusion-button-default-type\" style=\"--button-border-radius-top-left:0;--button-border-radius-top-right:0;--button-border-radius-bottom-right:0;--button-border-radius-bottom-left:0;\" target=\"_blank\" rel=\"noopener noreferrer\" href=\"https:\/\/maps.app.goo.gl\/rzPkfiuwRQzUqmMLA\"><span class=\"fusion-button-text awb-button__text awb-button__text--default\">SEE LOCATION<\/span><\/a><\/div><div class=\"fusion-separator fusion-full-width-sep\" style=\"align-self: center;margin-left: auto;margin-right: auto;margin-top:40px;width:100%;\"><\/div><div class=\"fusion-image-element \" style=\"--awb-caption-title-font-family:var(--h2_typography-font-family);--awb-caption-title-font-weight:var(--h2_typography-font-weight);--awb-caption-title-font-style:var(--h2_typography-font-style);--awb-caption-title-size:var(--h2_typography-font-size);--awb-caption-title-transform:var(--h2_typography-text-transform);--awb-caption-title-line-height:var(--h2_typography-line-height);--awb-caption-title-letter-spacing:var(--h2_typography-letter-spacing);\"><span class=\" fusion-imageframe imageframe-none imageframe-2 hover-type-none\"><a class=\"fusion-no-lightbox\" href=\"https:\/\/maps.app.goo.gl\/rzPkfiuwRQzUqmMLA\" target=\"_self\" aria-label=\"B de Barcelona nuevo local\"><img decoding=\"async\" width=\"1200\" height=\"1600\" alt=\"Revisi\u00f3n de planes de contenidos para RRSS pr\u00f3ximas semanas de email de N\u00f3rdika (XX min) \/ \" src=\"https:\/\/peterandwolfbcn.com\/wp-content\/uploads\/2025\/05\/B-de-Barcelona-nuevo-local-e1746640964308.jpg\" class=\"img-responsive wp-image-22620\"\/><\/a><\/span><\/div><div class=\"fusion-separator fusion-full-width-sep\" style=\"align-self: center;margin-left: auto;margin-right: auto;margin-top:30px;margin-bottom:10px;width:100%;\"><div class=\"fusion-separator-border sep-single\" style=\"--awb-height:20px;--awb-amount:20px;--awb-sep-color:var(--awb-color7);border-color:var(--awb-color7);border-top-width:1px;\"><\/div><\/div><\/div><\/div><div class=\"fusion-layout-column fusion_builder_column fusion-builder-column-5 fusion_builder_column_1_3 1_3 fusion-flex-column fusion-flex-align-self-stretch\" style=\"--awb-padding-top:40px;--awb-padding-right:30px;--awb-padding-bottom:40px;--awb-padding-left:30px;--awb-bg-size:cover;--awb-width-large:33.333333333333%;--awb-margin-top-large:0px;--awb-spacing-right-large:5.76%;--awb-margin-bottom-large:20px;--awb-spacing-left-large:5.76%;--awb-width-medium:33.333333333333%;--awb-order-medium:0;--awb-spacing-right-medium:5.76%;--awb-spacing-left-medium:5.76%;--awb-width-small:100%;--awb-order-small:0;--awb-spacing-right-small:1.92%;--awb-spacing-left-small:1.92%;\" data-scroll-devices=\"small-visibility,medium-visibility,large-visibility\"><div class=\"fusion-column-wrapper fusion-column-has-shadow fusion-flex-justify-content-flex-start fusion-content-layout-column\"><div class=\"fusion-title title fusion-title-4 fusion-sep-none fusion-title-text fusion-title-size-three\" style=\"--awb-margin-top-small:10px;--awb-margin-right-small:0px;--awb-margin-bottom-small:10px;--awb-margin-left-small:0px;--awb-font-size:18px;\"><h3 class=\"fusion-title-heading title-heading-left\" style=\"margin:0;font-size:1em;\">KA\u00d2TIC<\/h3><\/div><div class=\"fusion-text fusion-text-5\" style=\"--awb-content-alignment:justify;--awb-font-size:14px;--awb-line-height:18pt;\"><p>Ka\u00f2tik mixes an urban style with fun and original garments, with a hippie-chic style and also with simple and combinable garments with a modern touch. It always relies on small artisans and young designers.<\/p>\n<p><i class=\"fb-icon-element-3 fb-icon-element fontawesome-icon fa-map-marker-alt fas circle-no fusion-text-flow\" style=\"--awb-iconcolor:var(--awb-color7);--awb-font-size:14px;--awb-margin-right:7px;\"><\/i>c\/ Pau Casals, 21 &#8211; 43850 Cambrils (Tarragona)<\/p>\n<\/div><div style=\"text-align:center;\"><a class=\"fusion-button button-flat fusion-button-default-size button-default fusion-button-default button-3 fusion-button-default-span fusion-button-default-type\" style=\"--button-border-radius-top-left:0;--button-border-radius-top-right:0;--button-border-radius-bottom-right:0;--button-border-radius-bottom-left:0;\" target=\"_blank\" rel=\"noopener noreferrer\" href=\"https:\/\/maps.app.goo.gl\/L1pPYHWxW7LbU5C67\"><span class=\"fusion-button-text awb-button__text awb-button__text--default\">SEE LOCATION<\/span><\/a><\/div><div class=\"fusion-separator fusion-full-width-sep\" style=\"align-self: center;margin-left: auto;margin-right: auto;margin-top:40px;width:100%;\"><\/div><div class=\"fusion-image-element \" style=\"--awb-caption-title-font-family:var(--h2_typography-font-family);--awb-caption-title-font-weight:var(--h2_typography-font-weight);--awb-caption-title-font-style:var(--h2_typography-font-style);--awb-caption-title-size:var(--h2_typography-font-size);--awb-caption-title-transform:var(--h2_typography-text-transform);--awb-caption-title-line-height:var(--h2_typography-line-height);--awb-caption-title-letter-spacing:var(--h2_typography-letter-spacing);\"><span class=\" fusion-imageframe imageframe-none imageframe-3 hover-type-none\"><img decoding=\"async\" width=\"569\" height=\"569\" alt=\"Tienda Ka\u00f2tik\" title=\"Tienda Ka\u00f2tik\" src=\"https:\/\/peterandwolfbcn.com\/wp-content\/uploads\/2022\/03\/Tienda-Kaotik-1.jpg\" class=\"img-responsive wp-image-7844\" srcset=\"https:\/\/peterandwolfbcn.com\/wp-content\/uploads\/2022\/03\/Tienda-Kaotik-1-200x200.jpg 200w, https:\/\/peterandwolfbcn.com\/wp-content\/uploads\/2022\/03\/Tienda-Kaotik-1-400x400.jpg 400w, https:\/\/peterandwolfbcn.com\/wp-content\/uploads\/2022\/03\/Tienda-Kaotik-1.jpg 569w\" sizes=\"(max-width: 640px) 100vw, 569px\" \/><\/span><\/div><div class=\"fusion-separator fusion-full-width-sep\" style=\"align-self: center;margin-left: auto;margin-right: auto;margin-top:30px;margin-bottom:10px;width:100%;\"><div class=\"fusion-separator-border sep-single\" style=\"--awb-height:20px;--awb-amount:20px;--awb-sep-color:var(--awb-color7);border-color:var(--awb-color7);border-top-width:1px;\"><\/div><\/div><\/div><\/div><div class=\"fusion-layout-column fusion_builder_column fusion-builder-column-6 fusion_builder_column_1_3 1_3 fusion-flex-column fusion-flex-align-self-stretch\" style=\"--awb-padding-top:40px;--awb-padding-right:30px;--awb-padding-bottom:40px;--awb-padding-left:30px;--awb-bg-size:cover;--awb-width-large:33.333333333333%;--awb-margin-top-large:0px;--awb-spacing-right-large:5.76%;--awb-margin-bottom-large:20px;--awb-spacing-left-large:5.76%;--awb-width-medium:33.333333333333%;--awb-order-medium:0;--awb-spacing-right-medium:5.76%;--awb-spacing-left-medium:5.76%;--awb-width-small:100%;--awb-order-small:0;--awb-spacing-right-small:1.92%;--awb-spacing-left-small:1.92%;\" data-scroll-devices=\"small-visibility,medium-visibility,large-visibility\"><div class=\"fusion-column-wrapper fusion-column-has-shadow fusion-flex-justify-content-flex-start fusion-content-layout-column\"><div class=\"fusion-title title fusion-title-5 fusion-sep-none fusion-title-text fusion-title-size-three\" style=\"--awb-margin-top-small:10px;--awb-margin-right-small:0px;--awb-margin-bottom-small:10px;--awb-margin-left-small:0px;--awb-font-size:18px;\"><h3 class=\"fusion-title-heading title-heading-left\" style=\"margin:0;font-size:1em;\">SOM D&#8217;ART<\/h3><\/div><div class=\"fusion-text fusion-text-6\" style=\"--awb-content-alignment:justify;--awb-font-size:14px;--awb-line-height:18pt;\"><p>In this space, each product has its own aesthetic and personality, often avoiding fashions and passing trends.<\/p>\n<p>They work with artisan and creative companies and with enterprising people who make small productions.<\/p>\n<p><i class=\"fb-icon-element-4 fb-icon-element fontawesome-icon fa-map-marker-alt fas circle-no fusion-text-flow\" style=\"--awb-iconcolor:var(--awb-color7);--awb-font-size:14px;--awb-margin-right:7px;\"><\/i> Av. Prat de la Riba, 75 &#8211; 25004 Lleida<\/p>\n<\/div><div style=\"text-align:center;\"><a class=\"fusion-button button-flat fusion-button-default-size button-default fusion-button-default button-4 fusion-button-default-span fusion-button-default-type\" style=\"--button-border-radius-top-left:0;--button-border-radius-top-right:0;--button-border-radius-bottom-right:0;--button-border-radius-bottom-left:0;\" target=\"_blank\" rel=\"noopener noreferrer\" href=\"https:\/\/maps.app.goo.gl\/6yhrCxBbMGJRijoz6\"><span class=\"fusion-button-text awb-button__text awb-button__text--default\">SEE LOCATION<\/span><\/a><\/div><div class=\"fusion-separator fusion-full-width-sep\" style=\"align-self: center;margin-left: auto;margin-right: auto;margin-top:40px;width:100%;\"><\/div><div class=\"fusion-image-element \" style=\"--awb-caption-title-font-family:var(--h2_typography-font-family);--awb-caption-title-font-weight:var(--h2_typography-font-weight);--awb-caption-title-font-style:var(--h2_typography-font-style);--awb-caption-title-size:var(--h2_typography-font-size);--awb-caption-title-transform:var(--h2_typography-text-transform);--awb-caption-title-line-height:var(--h2_typography-line-height);--awb-caption-title-letter-spacing:var(--h2_typography-letter-spacing);\"><span class=\" fusion-imageframe imageframe-none imageframe-4 hover-type-none\"><img decoding=\"async\" width=\"569\" height=\"569\" alt=\"Tienda Som d&#039;Art\" title=\"Tienda Som d&#8217;Art\" src=\"https:\/\/peterandwolfbcn.com\/wp-content\/uploads\/2022\/03\/Tienda-Som-dArt-1.jpg\" class=\"img-responsive wp-image-7860\" srcset=\"https:\/\/peterandwolfbcn.com\/wp-content\/uploads\/2022\/03\/Tienda-Som-dArt-1-200x200.jpg 200w, https:\/\/peterandwolfbcn.com\/wp-content\/uploads\/2022\/03\/Tienda-Som-dArt-1-400x400.jpg 400w, https:\/\/peterandwolfbcn.com\/wp-content\/uploads\/2022\/03\/Tienda-Som-dArt-1.jpg 569w\" sizes=\"(max-width: 640px) 100vw, 569px\" \/><\/span><\/div><div class=\"fusion-separator fusion-full-width-sep\" style=\"align-self: center;margin-left: auto;margin-right: auto;margin-top:30px;margin-bottom:10px;width:100%;\"><div class=\"fusion-separator-border sep-single\" style=\"--awb-height:20px;--awb-amount:20px;--awb-sep-color:var(--awb-color7);border-color:var(--awb-color7);border-top-width:1px;\"><\/div><\/div><\/div><\/div><div class=\"fusion-layout-column fusion_builder_column fusion-builder-column-7 fusion_builder_column_1_3 1_3 fusion-flex-column\" style=\"--awb-padding-top:40px;--awb-padding-right:30px;--awb-padding-bottom:40px;--awb-padding-left:30px;--awb-bg-size:cover;--awb-width-large:33.333333333333%;--awb-margin-top-large:0px;--awb-spacing-right-large:5.76%;--awb-margin-bottom-large:20px;--awb-spacing-left-large:5.76%;--awb-width-medium:33.333333333333%;--awb-order-medium:0;--awb-spacing-right-medium:5.76%;--awb-spacing-left-medium:5.76%;--awb-width-small:100%;--awb-order-small:0;--awb-spacing-right-small:1.92%;--awb-spacing-left-small:1.92%;\" data-scroll-devices=\"small-visibility,medium-visibility,large-visibility\"><div class=\"fusion-column-wrapper fusion-column-has-shadow fusion-flex-justify-content-flex-start fusion-content-layout-column\"><div class=\"fusion-title title fusion-title-6 fusion-sep-none fusion-title-text fusion-title-size-three\" style=\"--awb-margin-top-small:10px;--awb-margin-right-small:0px;--awb-margin-bottom-small:10px;--awb-margin-left-small:0px;--awb-font-size:18px;\"><h3 class=\"fusion-title-heading title-heading-left\" style=\"margin:0;font-size:1em;\">LA FORJA<\/h3><\/div><div class=\"fusion-text fusion-text-7\" style=\"--awb-content-alignment:justify;--awb-font-size:14px;--awb-line-height:18pt;\"><p>La Forja is an iconic gift and accessories shop located in the beautiful town of Vilafranca del Pened\u00e8s. Here you&#8217;ll find unique items with a touch of design that makes them truly unique.<\/p>\n<p><a href=\"https:\/\/maps.app.goo.gl\/Fsuf63uRqbNt3GB79\"><i class=\"fb-icon-element-5 fb-icon-element fontawesome-icon fa-map-marker-alt fas circle-no fusion-text-flow\" style=\"--awb-iconcolor:var(--awb-color7);--awb-font-size:14px;--awb-margin-right:7px;\"><\/i> c\/ de la Palma, 13, 08720 Vilafranca del Pened\u00e8s, Barcelona<\/a><\/p>\n<\/div><div style=\"text-align:center;\"><a class=\"fusion-button button-flat fusion-button-default-size button-default fusion-button-default button-5 fusion-button-default-span fusion-button-default-type\" style=\"--button-border-radius-top-left:0;--button-border-radius-top-right:0;--button-border-radius-bottom-right:0;--button-border-radius-bottom-left:0;\" target=\"_blank\" rel=\"noopener noreferrer\" href=\"https:\/\/maps.app.goo.gl\/Fsuf63uRqbNt3GB79\"><span class=\"fusion-button-text awb-button__text awb-button__text--default\">SEE LOCATION<\/span><\/a><\/div><div class=\"fusion-separator fusion-full-width-sep\" style=\"align-self: center;margin-left: auto;margin-right: auto;margin-top:40px;width:100%;\"><\/div><div class=\"fusion-image-element \" style=\"--awb-caption-title-font-family:var(--h2_typography-font-family);--awb-caption-title-font-weight:var(--h2_typography-font-weight);--awb-caption-title-font-style:var(--h2_typography-font-style);--awb-caption-title-size:var(--h2_typography-font-size);--awb-caption-title-transform:var(--h2_typography-text-transform);--awb-caption-title-line-height:var(--h2_typography-line-height);--awb-caption-title-letter-spacing:var(--h2_typography-letter-spacing);\"><span class=\" fusion-imageframe imageframe-none imageframe-5 hover-type-none\"><a class=\"fusion-no-lightbox\" href=\"https:\/\/maps.app.goo.gl\/Fsuf63uRqbNt3GB79\" target=\"_self\" aria-label=\"La Forja 3\"><img decoding=\"async\" width=\"1560\" height=\"2048\" alt=\"Tienda La Forja\" src=\"https:\/\/peterandwolfbcn.com\/wp-content\/uploads\/2025\/05\/La-Forja-3-e1747743592865.jpg\" class=\"img-responsive wp-image-22630\"\/><\/a><\/span><\/div><div class=\"fusion-separator fusion-full-width-sep\" style=\"align-self: center;margin-left: auto;margin-right: auto;margin-top:30px;margin-bottom:10px;width:100%;\"><div class=\"fusion-separator-border sep-single\" style=\"--awb-height:20px;--awb-amount:20px;--awb-sep-color:var(--awb-color7);border-color:var(--awb-color7);border-top-width:1px;\"><\/div><\/div><\/div><\/div><div class=\"fusion-layout-column fusion_builder_column fusion-builder-column-8 fusion_builder_column_1_3 1_3 fusion-flex-column\" style=\"--awb-padding-top:40px;--awb-padding-right:30px;--awb-padding-bottom:40px;--awb-padding-left:30px;--awb-bg-size:cover;--awb-width-large:33.333333333333%;--awb-margin-top-large:0px;--awb-spacing-right-large:5.76%;--awb-margin-bottom-large:20px;--awb-spacing-left-large:5.76%;--awb-width-medium:33.333333333333%;--awb-order-medium:0;--awb-spacing-right-medium:5.76%;--awb-spacing-left-medium:5.76%;--awb-width-small:100%;--awb-order-small:0;--awb-spacing-right-small:1.92%;--awb-spacing-left-small:1.92%;\" data-scroll-devices=\"small-visibility,medium-visibility,large-visibility\"><div class=\"fusion-column-wrapper fusion-column-has-shadow fusion-flex-justify-content-flex-start fusion-content-layout-column\"><div class=\"fusion-title title fusion-title-7 fusion-sep-none fusion-title-text fusion-title-size-three\" style=\"--awb-margin-top-small:10px;--awb-margin-right-small:0px;--awb-margin-bottom-small:10px;--awb-margin-left-small:0px;--awb-font-size:18px;\"><h3 class=\"fusion-title-heading title-heading-left\" style=\"margin:0;font-size:1em;\">ESENZIA<\/h3><\/div><div class=\"fusion-text fusion-text-8\" style=\"--awb-content-alignment:justify;--awb-font-size:14px;--awb-line-height:18pt;\"><p>Esenzia is an eclectic, modern and colourful space where fashion, art, design and local and national talent meet with a public that knows how to value this creativity. Chus is the soul of Esenzia and advises you on everything you need.<\/p>\n<p><i class=\"fb-icon-element-6 fb-icon-element fontawesome-icon fa-map-marker-alt fas circle-no fusion-text-flow\" style=\"--awb-iconcolor:var(--awb-color7);--awb-font-size:14px;--awb-margin-right:7px;\"><\/i> c\/ San Vicente de Pa\u00fal, 23 &#8211; 50001 Zaragoza<\/p>\n<\/div><div style=\"text-align:center;\"><a class=\"fusion-button button-flat fusion-button-default-size button-default fusion-button-default button-6 fusion-button-default-span fusion-button-default-type\" style=\"--button-border-radius-top-left:0;--button-border-radius-top-right:0;--button-border-radius-bottom-right:0;--button-border-radius-bottom-left:0;\" target=\"_blank\" rel=\"noopener noreferrer\" href=\"https:\/\/maps.app.goo.gl\/PnPDWEAG4iPYXLwr7\"><span class=\"fusion-button-text awb-button__text awb-button__text--default\">SEE LOCATION<\/span><\/a><\/div><div class=\"fusion-separator fusion-full-width-sep\" style=\"align-self: center;margin-left: auto;margin-right: auto;margin-top:40px;width:100%;\"><\/div><div class=\"fusion-image-element \" style=\"--awb-caption-title-font-family:var(--h2_typography-font-family);--awb-caption-title-font-weight:var(--h2_typography-font-weight);--awb-caption-title-font-style:var(--h2_typography-font-style);--awb-caption-title-size:var(--h2_typography-font-size);--awb-caption-title-transform:var(--h2_typography-text-transform);--awb-caption-title-line-height:var(--h2_typography-line-height);--awb-caption-title-letter-spacing:var(--h2_typography-letter-spacing);\"><span class=\" fusion-imageframe imageframe-none imageframe-6 hover-type-none\"><img decoding=\"async\" width=\"569\" height=\"569\" alt=\"Tienda Esenzia Zaragoza\" title=\"Tienda Esenzia Zaragoza\" src=\"https:\/\/peterandwolfbcn.com\/wp-content\/uploads\/2022\/03\/Tienda-Esenzia-Zaragoza-1.jpg\" class=\"img-responsive wp-image-7836\" srcset=\"https:\/\/peterandwolfbcn.com\/wp-content\/uploads\/2022\/03\/Tienda-Esenzia-Zaragoza-1-200x200.jpg 200w, https:\/\/peterandwolfbcn.com\/wp-content\/uploads\/2022\/03\/Tienda-Esenzia-Zaragoza-1-400x400.jpg 400w, https:\/\/peterandwolfbcn.com\/wp-content\/uploads\/2022\/03\/Tienda-Esenzia-Zaragoza-1.jpg 569w\" sizes=\"(max-width: 640px) 100vw, 569px\" \/><\/span><\/div><div class=\"fusion-separator fusion-full-width-sep\" style=\"align-self: center;margin-left: auto;margin-right: auto;margin-top:30px;margin-bottom:10px;width:100%;\"><div class=\"fusion-separator-border sep-single\" style=\"--awb-height:20px;--awb-amount:20px;--awb-sep-color:var(--awb-color7);border-color:var(--awb-color7);border-top-width:1px;\"><\/div><\/div><\/div><\/div><div class=\"fusion-layout-column fusion_builder_column fusion-builder-column-9 fusion_builder_column_1_3 1_3 fusion-flex-column\" style=\"--awb-padding-top:40px;--awb-padding-right:30px;--awb-padding-bottom:40px;--awb-padding-left:30px;--awb-bg-size:cover;--awb-width-large:33.333333333333%;--awb-margin-top-large:0px;--awb-spacing-right-large:5.76%;--awb-margin-bottom-large:20px;--awb-spacing-left-large:5.76%;--awb-width-medium:33.333333333333%;--awb-order-medium:0;--awb-spacing-right-medium:5.76%;--awb-spacing-left-medium:5.76%;--awb-width-small:100%;--awb-order-small:0;--awb-spacing-right-small:1.92%;--awb-spacing-left-small:1.92%;\" data-scroll-devices=\"small-visibility,medium-visibility,large-visibility\"><div class=\"fusion-column-wrapper fusion-column-has-shadow fusion-flex-justify-content-flex-start fusion-content-layout-column\"><div class=\"fusion-title title fusion-title-8 fusion-sep-none fusion-title-text fusion-title-size-three\" style=\"--awb-margin-top-small:10px;--awb-margin-right-small:0px;--awb-margin-bottom-small:10px;--awb-margin-left-small:0px;--awb-font-size:18px;\"><h3 class=\"fusion-title-heading title-heading-left\" style=\"margin:0;font-size:1em;\">TERCER ACTO<\/h3><\/div><div class=\"fusion-text fusion-text-9\" style=\"--awb-content-alignment:justify;--awb-font-size:14px;--awb-line-height:18pt;\"><p>At this women&#8217;s fashion boutique, Isabel offers a carefully curated selection of elegant and contemporary clothing and accessories. They feature unique pieces and accessories, along with friendly service and personalized advice for a more personal and exclusive shopping experience.<\/p>\n<p><i class=\"fb-icon-element-7 fb-icon-element fontawesome-icon fa-map-marker-alt fas circle-no fusion-text-flow\" style=\"--awb-iconcolor:var(--awb-color7);--awb-font-size:14px;--awb-margin-right:7px;\"><\/i> c\/ Calvet, 48 08021 Barcelona<\/p>\n<\/div><div style=\"text-align:center;\"><a class=\"fusion-button button-flat fusion-button-default-size button-default fusion-button-default button-7 fusion-button-default-span fusion-button-default-type\" style=\"--button-border-radius-top-left:0;--button-border-radius-top-right:0;--button-border-radius-bottom-right:0;--button-border-radius-bottom-left:0;\" target=\"_blank\" rel=\"noopener noreferrer\"><span class=\"fusion-button-text awb-button__text awb-button__text--default\">SEE LOCATION<\/span><\/a><\/div><div class=\"fusion-separator fusion-full-width-sep\" style=\"align-self: center;margin-left: auto;margin-right: auto;margin-top:40px;width:100%;\"><\/div><div class=\"fusion-image-element \" style=\"--awb-caption-title-font-family:var(--h2_typography-font-family);--awb-caption-title-font-weight:var(--h2_typography-font-weight);--awb-caption-title-font-style:var(--h2_typography-font-style);--awb-caption-title-size:var(--h2_typography-font-size);--awb-caption-title-transform:var(--h2_typography-text-transform);--awb-caption-title-line-height:var(--h2_typography-line-height);--awb-caption-title-letter-spacing:var(--h2_typography-letter-spacing);\"><span class=\" fusion-imageframe imageframe-none imageframe-7 hover-type-none\"><img decoding=\"async\" width=\"1576\" height=\"1600\" alt=\"Tercer Acto Boutique\" title=\"Foto Tercer Acto 1\" src=\"https:\/\/peterandwolfbcn.com\/wp-content\/uploads\/2026\/03\/Foto-Tercer-Acto-1.jpeg\" class=\"img-responsive wp-image-23901\" srcset=\"https:\/\/peterandwolfbcn.com\/wp-content\/uploads\/2026\/03\/Foto-Tercer-Acto-1-200x203.jpeg 200w, https:\/\/peterandwolfbcn.com\/wp-content\/uploads\/2026\/03\/Foto-Tercer-Acto-1-400x406.jpeg 400w, https:\/\/peterandwolfbcn.com\/wp-content\/uploads\/2026\/03\/Foto-Tercer-Acto-1-600x609.jpeg 600w, https:\/\/peterandwolfbcn.com\/wp-content\/uploads\/2026\/03\/Foto-Tercer-Acto-1-800x812.jpeg 800w, https:\/\/peterandwolfbcn.com\/wp-content\/uploads\/2026\/03\/Foto-Tercer-Acto-1-1200x1218.jpeg 1200w, https:\/\/peterandwolfbcn.com\/wp-content\/uploads\/2026\/03\/Foto-Tercer-Acto-1.jpeg 1576w\" sizes=\"(max-width: 640px) 100vw, 400px\" \/><\/span><\/div><div class=\"fusion-separator fusion-full-width-sep\" style=\"align-self: center;margin-left: auto;margin-right: auto;margin-top:30px;margin-bottom:10px;width:100%;\"><div class=\"fusion-separator-border sep-single\" style=\"--awb-height:20px;--awb-amount:20px;--awb-sep-color:var(--awb-color7);border-color:var(--awb-color7);border-top-width:1px;\"><\/div><\/div><\/div><\/div><div class=\"fusion-layout-column fusion_builder_column fusion-builder-column-10 fusion_builder_column_1_3 1_3 fusion-flex-column\" style=\"--awb-padding-top:40px;--awb-padding-right:30px;--awb-padding-bottom:40px;--awb-padding-left:30px;--awb-bg-size:cover;--awb-width-large:33.333333333333%;--awb-margin-top-large:0px;--awb-spacing-right-large:5.76%;--awb-margin-bottom-large:20px;--awb-spacing-left-large:5.76%;--awb-width-medium:33.333333333333%;--awb-order-medium:0;--awb-spacing-right-medium:5.76%;--awb-spacing-left-medium:5.76%;--awb-width-small:100%;--awb-order-small:0;--awb-spacing-right-small:1.92%;--awb-spacing-left-small:1.92%;\" data-scroll-devices=\"small-visibility,medium-visibility,large-visibility\"><div class=\"fusion-column-wrapper fusion-column-has-shadow fusion-flex-justify-content-flex-start fusion-content-layout-column\"><div class=\"fusion-title title fusion-title-9 fusion-sep-none fusion-title-text fusion-title-size-three\" style=\"--awb-margin-top-small:10px;--awb-margin-right-small:0px;--awb-margin-bottom-small:10px;--awb-margin-left-small:0px;--awb-font-size:18px;\"><h3 class=\"fusion-title-heading title-heading-left\" style=\"margin:0;font-size:1em;\">DSHOP (LA CAPELL)<\/h3><\/div><div class=\"fusion-text fusion-text-10\" style=\"--awb-content-alignment:justify;--awb-font-size:14px;--awb-line-height:18pt;\"><p>DShop is the shop of Disseny Hub Barcelona, \u200b\u200ba leading space for contemporary design enthusiasts. It offers books, design and designer objects, graphic art, photography, and jewelry, along with publications from the Museu del Disseny (Design Museum).<\/p>\n<p><i class=\"fb-icon-element-8 fb-icon-element fontawesome-icon fa-map-marker-alt fas circle-no fusion-text-flow\" style=\"--awb-iconcolor:var(--awb-color7);--awb-font-size:14px;--awb-margin-right:7px;\"><\/i> Pla\u00e7a de les Gl\u00f2ries Catalanes, 37-38 08018 Barcelona<\/p>\n<\/div><div style=\"text-align:center;\"><a class=\"fusion-button button-flat fusion-button-default-size button-default fusion-button-default button-8 fusion-button-default-span fusion-button-default-type\" style=\"--button-border-radius-top-left:0;--button-border-radius-top-right:0;--button-border-radius-bottom-right:0;--button-border-radius-bottom-left:0;\" target=\"_blank\" rel=\"noopener noreferrer\" href=\"https:\/\/maps.app.goo.gl\/3is3qxt8wzGge7116\"><span class=\"fusion-button-text awb-button__text awb-button__text--default\">SEE LOCATION<\/span><\/a><\/div><div class=\"fusion-separator fusion-full-width-sep\" style=\"align-self: center;margin-left: auto;margin-right: auto;margin-top:40px;width:100%;\"><\/div><div class=\"fusion-image-element \" style=\"--awb-caption-title-font-family:var(--h2_typography-font-family);--awb-caption-title-font-weight:var(--h2_typography-font-weight);--awb-caption-title-font-style:var(--h2_typography-font-style);--awb-caption-title-size:var(--h2_typography-font-size);--awb-caption-title-transform:var(--h2_typography-text-transform);--awb-caption-title-line-height:var(--h2_typography-line-height);--awb-caption-title-letter-spacing:var(--h2_typography-letter-spacing);\"><span class=\" fusion-imageframe imageframe-none imageframe-8 hover-type-none\"><img decoding=\"async\" width=\"562\" height=\"546\" alt=\"DShop (La Capell)\" title=\"DShop (La Capell)\" src=\"https:\/\/peterandwolfbcn.com\/wp-content\/uploads\/2026\/03\/DShop-La-Capell-e1773243156158.jpg\" class=\"img-responsive wp-image-23902\" srcset=\"https:\/\/peterandwolfbcn.com\/wp-content\/uploads\/2026\/03\/DShop-La-Capell-e1773243156158-200x194.jpg 200w, https:\/\/peterandwolfbcn.com\/wp-content\/uploads\/2026\/03\/DShop-La-Capell-e1773243156158-400x389.jpg 400w, https:\/\/peterandwolfbcn.com\/wp-content\/uploads\/2026\/03\/DShop-La-Capell-e1773243156158.jpg 562w\" sizes=\"(max-width: 640px) 100vw, 400px\" \/><\/span><\/div><div class=\"fusion-separator fusion-full-width-sep\" style=\"align-self: center;margin-left: auto;margin-right: auto;margin-top:30px;margin-bottom:10px;width:100%;\"><div class=\"fusion-separator-border sep-single\" style=\"--awb-height:20px;--awb-amount:20px;--awb-sep-color:var(--awb-color7);border-color:var(--awb-color7);border-top-width:1px;\"><\/div><\/div><\/div><\/div><div class=\"fusion-layout-column fusion_builder_column fusion-builder-column-11 fusion_builder_column_1_3 1_3 fusion-flex-column\" style=\"--awb-padding-top:40px;--awb-padding-right:30px;--awb-padding-bottom:40px;--awb-padding-left:30px;--awb-bg-size:cover;--awb-width-large:33.333333333333%;--awb-margin-top-large:0px;--awb-spacing-right-large:5.76%;--awb-margin-bottom-large:20px;--awb-spacing-left-large:5.76%;--awb-width-medium:33.333333333333%;--awb-order-medium:0;--awb-spacing-right-medium:5.76%;--awb-spacing-left-medium:5.76%;--awb-width-small:100%;--awb-order-small:0;--awb-spacing-right-small:1.92%;--awb-spacing-left-small:1.92%;\" data-scroll-devices=\"small-visibility,medium-visibility,large-visibility\"><div class=\"fusion-column-wrapper fusion-column-has-shadow fusion-flex-justify-content-flex-start fusion-content-layout-column\"><div class=\"fusion-title title fusion-title-10 fusion-sep-none fusion-title-text fusion-title-size-three\" style=\"--awb-margin-top-small:10px;--awb-margin-right-small:0px;--awb-margin-bottom-small:10px;--awb-margin-left-small:0px;--awb-font-size:18px;\"><h3 class=\"fusion-title-heading title-heading-left\" style=\"margin:0;font-size:1em;\"><div class=\"fusion-title title fusion-title-11 fusion-sep-none fusion-title-text fusion-title-size-three\">\n<h3 class=\"fusion-title-heading title-heading-left\">VE DE BARCELONA (LA CAPELL)<\/h3>\n<\/div>\n<div class=\"fusion-text fusion-text-22\"><\/div><\/h3><\/div><div class=\"fusion-text fusion-text-11\" style=\"--awb-content-alignment:justify;--awb-font-size:14px;--awb-line-height:18pt;\"><p>Ve de Barcelona is a shop run by La Capell that brings together a selection of design objects, fashion, and everyday products linked to local creativity. Its offerings combine pieces from emerging designers, gadgets, and urban style items with local gastronomic products.<\/p>\n<p><i class=\"fb-icon-element-9 fb-icon-element fontawesome-icon fa-map-marker-alt fas circle-no fusion-text-flow\" style=\"--awb-iconcolor:var(--awb-color7);--awb-font-size:14px;--awb-margin-right:7px;\"><\/i> Pl. Comercial, 12 08003 Barcelona<\/p>\n<\/div><div style=\"text-align:center;\"><a class=\"fusion-button button-flat fusion-button-default-size button-default fusion-button-default button-9 fusion-button-default-span fusion-button-default-type\" style=\"--button-border-radius-top-left:0;--button-border-radius-top-right:0;--button-border-radius-bottom-right:0;--button-border-radius-bottom-left:0;\" target=\"_blank\" rel=\"noopener noreferrer\" href=\"https:\/\/maps.app.goo.gl\/QmzZXVYvUteJTYQ47\"><span class=\"fusion-button-text awb-button__text awb-button__text--default\">SEE LOCATION<\/span><\/a><\/div><div class=\"fusion-separator fusion-full-width-sep\" style=\"align-self: center;margin-left: auto;margin-right: auto;margin-top:40px;width:100%;\"><\/div><div class=\"fusion-image-element \" style=\"--awb-caption-title-font-family:var(--h2_typography-font-family);--awb-caption-title-font-weight:var(--h2_typography-font-weight);--awb-caption-title-font-style:var(--h2_typography-font-style);--awb-caption-title-size:var(--h2_typography-font-size);--awb-caption-title-transform:var(--h2_typography-text-transform);--awb-caption-title-line-height:var(--h2_typography-line-height);--awb-caption-title-letter-spacing:var(--h2_typography-letter-spacing);\"><span class=\" fusion-imageframe imageframe-none imageframe-9 hover-type-none\"><img decoding=\"async\" width=\"483\" height=\"480\" title=\"Ve de Barcelona (La Capell)\" src=\"https:\/\/peterandwolfbcn.com\/wp-content\/uploads\/2026\/03\/Ve-de-Barcelona-La-Capell-e1773243196351.jpg\" alt class=\"img-responsive wp-image-23903\" srcset=\"https:\/\/peterandwolfbcn.com\/wp-content\/uploads\/2026\/03\/Ve-de-Barcelona-La-Capell-e1773243196351-200x200.jpg 200w, https:\/\/peterandwolfbcn.com\/wp-content\/uploads\/2026\/03\/Ve-de-Barcelona-La-Capell-e1773243196351-400x398.jpg 400w, https:\/\/peterandwolfbcn.com\/wp-content\/uploads\/2026\/03\/Ve-de-Barcelona-La-Capell-e1773243196351.jpg 483w\" sizes=\"(max-width: 640px) 100vw, 400px\" \/><\/span><\/div><div class=\"fusion-separator fusion-full-width-sep\" style=\"align-self: center;margin-left: auto;margin-right: auto;margin-top:30px;margin-bottom:10px;width:100%;\"><div class=\"fusion-separator-border sep-single\" style=\"--awb-height:20px;--awb-amount:20px;--awb-sep-color:var(--awb-color7);border-color:var(--awb-color7);border-top-width:1px;\"><\/div><\/div><\/div><\/div><\/div><\/div><\/p>\n","protected":false},"excerpt":{"rendered":"","protected":false},"author":4,"featured_media":0,"parent":0,"menu_order":0,"comment_status":"closed","ping_status":"closed","template":"100-width.php","meta":{"_acf_changed":false,"footnotes":""},"class_list":["post-9940","page","type-page","status-publish","hentry"],"acf":[],"yoast_head":"<!-- This site is optimized with the Yoast SEO plugin v27.4 - https:\/\/yoast.com\/product\/yoast-seo-wordpress\/ -->\n<title>Physical Stores<\/title>\n<meta name=\"description\" content=\"Physical shops throughout Spain where you can find Peter &amp; Wolf products. So you can see them live and direct.\" \/>\n<meta name=\"robots\" content=\"index, follow, max-snippet:-1, max-image-preview:large, max-video-preview:-1\" \/>\n<link rel=\"canonical\" href=\"https:\/\/peterandwolfbcn.com\/en\/physical-stores\/\" \/>\n<meta property=\"og:locale\" content=\"en_US\" \/>\n<meta property=\"og:type\" content=\"article\" \/>\n<meta property=\"og:title\" content=\"Physical Stores\" \/>\n<meta property=\"og:description\" content=\"Physical shops throughout Spain where you can find Peter &amp; Wolf products. So you can see them live and direct.\" \/>\n<meta property=\"og:url\" content=\"https:\/\/peterandwolfbcn.com\/en\/physical-stores\/\" \/>\n<meta property=\"og:site_name\" content=\"Peter &amp; Wolf BCN\" \/>\n<meta property=\"article:publisher\" content=\"https:\/\/www.facebook.com\/bcnpeterandwolf\" \/>\n<meta property=\"article:modified_time\" content=\"2026-04-08T18:06:05+00:00\" \/>\n<meta property=\"og:image\" content=\"https:\/\/peterandwolfbcn.com\/wp-content\/uploads\/2020\/05\/logo-Peter-Wolf-BCN-210x210-1-e1590307436921.jpg\" \/>\n\t<meta property=\"og:image:width\" content=\"1000\" \/>\n\t<meta property=\"og:image:height\" content=\"1000\" \/>\n\t<meta property=\"og:image:type\" content=\"image\/jpeg\" \/>\n<meta name=\"twitter:card\" content=\"summary_large_image\" \/>\n<meta name=\"twitter:site\" content=\"@BCNPeterandWolf\" \/>\n<meta name=\"twitter:label1\" content=\"Est. reading time\" \/>\n\t<meta name=\"twitter:data1\" content=\"5 minutes\" \/>\n<script type=\"application\/ld+json\" class=\"yoast-schema-graph\">{\"@context\":\"https:\\\/\\\/schema.org\",\"@graph\":[{\"@type\":\"WebPage\",\"@id\":\"https:\\\/\\\/peterandwolfbcn.com\\\/en\\\/physical-stores\\\/\",\"url\":\"https:\\\/\\\/peterandwolfbcn.com\\\/en\\\/physical-stores\\\/\",\"name\":\"Physical Stores\",\"isPartOf\":{\"@id\":\"https:\\\/\\\/peterandwolfbcn.com\\\/en\\\/#website\"},\"datePublished\":\"2022-03-16T12:15:33+00:00\",\"dateModified\":\"2026-04-08T18:06:05+00:00\",\"description\":\"Physical shops throughout Spain where you can find Peter & Wolf products. So you can see them live and direct.\",\"breadcrumb\":{\"@id\":\"https:\\\/\\\/peterandwolfbcn.com\\\/en\\\/physical-stores\\\/#breadcrumb\"},\"inLanguage\":\"en-US\",\"potentialAction\":[{\"@type\":\"ReadAction\",\"target\":[\"https:\\\/\\\/peterandwolfbcn.com\\\/en\\\/physical-stores\\\/\"]}]},{\"@type\":\"BreadcrumbList\",\"@id\":\"https:\\\/\\\/peterandwolfbcn.com\\\/en\\\/physical-stores\\\/#breadcrumb\",\"itemListElement\":[{\"@type\":\"ListItem\",\"position\":1,\"name\":\"Portada\",\"item\":\"https:\\\/\\\/peterandwolfbcn.com\\\/en\\\/\"},{\"@type\":\"ListItem\",\"position\":2,\"name\":\"Physical Stores\"}]},{\"@type\":\"WebSite\",\"@id\":\"https:\\\/\\\/peterandwolfbcn.com\\\/en\\\/#website\",\"url\":\"https:\\\/\\\/peterandwolfbcn.com\\\/en\\\/\",\"name\":\"Peter & Wolf BCN\",\"description\":\"En Peter &amp; Wolf BCN nos dedicamos al dise\u00f1o y confecci\u00f3n de bolsos y mochilas de forma totalmente artesanal para ofrecer piezas singulares a precios accesibles.\",\"publisher\":{\"@id\":\"https:\\\/\\\/peterandwolfbcn.com\\\/en\\\/#organization\"},\"alternateName\":\"Peter & Wolf\",\"potentialAction\":[{\"@type\":\"SearchAction\",\"target\":{\"@type\":\"EntryPoint\",\"urlTemplate\":\"https:\\\/\\\/peterandwolfbcn.com\\\/en\\\/?s={search_term_string}\"},\"query-input\":{\"@type\":\"PropertyValueSpecification\",\"valueRequired\":true,\"valueName\":\"search_term_string\"}}],\"inLanguage\":\"en-US\"},{\"@type\":\"Organization\",\"@id\":\"https:\\\/\\\/peterandwolfbcn.com\\\/en\\\/#organization\",\"name\":\"Peter & Wolf BCN\",\"alternateName\":\"Peter & Wolf\",\"url\":\"https:\\\/\\\/peterandwolfbcn.com\\\/en\\\/\",\"logo\":{\"@type\":\"ImageObject\",\"inLanguage\":\"en-US\",\"@id\":\"https:\\\/\\\/peterandwolfbcn.com\\\/en\\\/#\\\/schema\\\/logo\\\/image\\\/\",\"url\":\"https:\\\/\\\/peterandwolfbcn.com\\\/wp-content\\\/uploads\\\/2018\\\/10\\\/logo-negro.jpg\",\"contentUrl\":\"https:\\\/\\\/peterandwolfbcn.com\\\/wp-content\\\/uploads\\\/2018\\\/10\\\/logo-negro.jpg\",\"width\":413,\"height\":295,\"caption\":\"Peter & Wolf BCN\"},\"image\":{\"@id\":\"https:\\\/\\\/peterandwolfbcn.com\\\/en\\\/#\\\/schema\\\/logo\\\/image\\\/\"},\"sameAs\":[\"https:\\\/\\\/www.facebook.com\\\/bcnpeterandwolf\",\"https:\\\/\\\/x.com\\\/BCNPeterandWolf\",\"https:\\\/\\\/www.instagram.com\\\/peterandwolfbcn\\\/\",\"https:\\\/\\\/www.linkedin.com\\\/company\\\/peter-and-wolf-bcn\\\/\",\"https:\\\/\\\/www.youtube.com\\\/channel\\\/UCelN1AcND-FmIoWeQRL7fMw\"]}]}<\/script>\n<!-- \/ Yoast SEO plugin. -->","yoast_head_json":{"title":"Physical Stores","description":"Physical shops throughout Spain where you can find Peter & Wolf products. So you can see them live and direct.","robots":{"index":"index","follow":"follow","max-snippet":"max-snippet:-1","max-image-preview":"max-image-preview:large","max-video-preview":"max-video-preview:-1"},"canonical":"https:\/\/peterandwolfbcn.com\/en\/physical-stores\/","og_locale":"en_US","og_type":"article","og_title":"Physical Stores","og_description":"Physical shops throughout Spain where you can find Peter & Wolf products. So you can see them live and direct.","og_url":"https:\/\/peterandwolfbcn.com\/en\/physical-stores\/","og_site_name":"Peter &amp; Wolf BCN","article_publisher":"https:\/\/www.facebook.com\/bcnpeterandwolf","article_modified_time":"2026-04-08T18:06:05+00:00","og_image":[{"width":1000,"height":1000,"url":"https:\/\/peterandwolfbcn.com\/wp-content\/uploads\/2020\/05\/logo-Peter-Wolf-BCN-210x210-1-e1590307436921.jpg","type":"image\/jpeg"}],"twitter_card":"summary_large_image","twitter_site":"@BCNPeterandWolf","twitter_misc":{"Est. reading time":"5 minutes"},"schema":{"@context":"https:\/\/schema.org","@graph":[{"@type":"WebPage","@id":"https:\/\/peterandwolfbcn.com\/en\/physical-stores\/","url":"https:\/\/peterandwolfbcn.com\/en\/physical-stores\/","name":"Physical Stores","isPartOf":{"@id":"https:\/\/peterandwolfbcn.com\/en\/#website"},"datePublished":"2022-03-16T12:15:33+00:00","dateModified":"2026-04-08T18:06:05+00:00","description":"Physical shops throughout Spain where you can find Peter & Wolf products. So you can see them live and direct.","breadcrumb":{"@id":"https:\/\/peterandwolfbcn.com\/en\/physical-stores\/#breadcrumb"},"inLanguage":"en-US","potentialAction":[{"@type":"ReadAction","target":["https:\/\/peterandwolfbcn.com\/en\/physical-stores\/"]}]},{"@type":"BreadcrumbList","@id":"https:\/\/peterandwolfbcn.com\/en\/physical-stores\/#breadcrumb","itemListElement":[{"@type":"ListItem","position":1,"name":"Portada","item":"https:\/\/peterandwolfbcn.com\/en\/"},{"@type":"ListItem","position":2,"name":"Physical Stores"}]},{"@type":"WebSite","@id":"https:\/\/peterandwolfbcn.com\/en\/#website","url":"https:\/\/peterandwolfbcn.com\/en\/","name":"Peter & Wolf BCN","description":"En Peter &amp; Wolf BCN nos dedicamos al dise\u00f1o y confecci\u00f3n de bolsos y mochilas de forma totalmente artesanal para ofrecer piezas singulares a precios accesibles.","publisher":{"@id":"https:\/\/peterandwolfbcn.com\/en\/#organization"},"alternateName":"Peter & Wolf","potentialAction":[{"@type":"SearchAction","target":{"@type":"EntryPoint","urlTemplate":"https:\/\/peterandwolfbcn.com\/en\/?s={search_term_string}"},"query-input":{"@type":"PropertyValueSpecification","valueRequired":true,"valueName":"search_term_string"}}],"inLanguage":"en-US"},{"@type":"Organization","@id":"https:\/\/peterandwolfbcn.com\/en\/#organization","name":"Peter & Wolf BCN","alternateName":"Peter & Wolf","url":"https:\/\/peterandwolfbcn.com\/en\/","logo":{"@type":"ImageObject","inLanguage":"en-US","@id":"https:\/\/peterandwolfbcn.com\/en\/#\/schema\/logo\/image\/","url":"https:\/\/peterandwolfbcn.com\/wp-content\/uploads\/2018\/10\/logo-negro.jpg","contentUrl":"https:\/\/peterandwolfbcn.com\/wp-content\/uploads\/2018\/10\/logo-negro.jpg","width":413,"height":295,"caption":"Peter & Wolf BCN"},"image":{"@id":"https:\/\/peterandwolfbcn.com\/en\/#\/schema\/logo\/image\/"},"sameAs":["https:\/\/www.facebook.com\/bcnpeterandwolf","https:\/\/x.com\/BCNPeterandWolf","https:\/\/www.instagram.com\/peterandwolfbcn\/","https:\/\/www.linkedin.com\/company\/peter-and-wolf-bcn\/","https:\/\/www.youtube.com\/channel\/UCelN1AcND-FmIoWeQRL7fMw"]}]}},"_links":{"self":[{"href":"https:\/\/peterandwolfbcn.com\/en\/wp-json\/wp\/v2\/pages\/9940","targetHints":{"allow":["GET"]}}],"collection":[{"href":"https:\/\/peterandwolfbcn.com\/en\/wp-json\/wp\/v2\/pages"}],"about":[{"href":"https:\/\/peterandwolfbcn.com\/en\/wp-json\/wp\/v2\/types\/page"}],"author":[{"embeddable":true,"href":"https:\/\/peterandwolfbcn.com\/en\/wp-json\/wp\/v2\/users\/4"}],"replies":[{"embeddable":true,"href":"https:\/\/peterandwolfbcn.com\/en\/wp-json\/wp\/v2\/comments?post=9940"}],"version-history":[{"count":28,"href":"https:\/\/peterandwolfbcn.com\/en\/wp-json\/wp\/v2\/pages\/9940\/revisions"}],"predecessor-version":[{"id":23912,"href":"https:\/\/peterandwolfbcn.com\/en\/wp-json\/wp\/v2\/pages\/9940\/revisions\/23912"}],"wp:attachment":[{"href":"https:\/\/peterandwolfbcn.com\/en\/wp-json\/wp\/v2\/media?parent=9940"}],"curies":[{"name":"wp","href":"https:\/\/api.w.org\/{rel}","templated":true}]}}